{"id":6463,"date":"2022-05-19T21:29:28","date_gmt":"2022-05-19T19:29:28","guid":{"rendered":"https:\/\/www.tempsetor.be\/galerie\/?post_type=product&#038;p=6463"},"modified":"2022-05-19T21:33:16","modified_gmt":"2022-05-19T19:33:16","slug":"montre-hommes-festina-prestige-noir-f20363-3","status":"publish","type":"product","link":"https:\/\/tempsetor.be\/galerie\/produit\/montre-hommes-festina-prestige-noir-f20363-3\/","title":{"rendered":"Montre hommes &#8211; Festina &#8211; PRESTIGE &#8211; noir &#8211; F20363\/3"},"content":{"rendered":"<p>Montre Festina F20363\/3 pour homme. Avec un bo\u00eetier acier et verre min\u00e9ral, \u00e9quip\u00e9 d\u2019un bracelet de acier inoxydable. Les montres Festina sont le m\u00e9lange parfait entre l\u2019\u00e9l\u00e9gance et la modernit\u00e9. Festina propose des designs distingu\u00e9s, une innovation technologique constante et un excellent rapport qualit\u00e9-prix.<\/p>\n","protected":false},"excerpt":{"rendered":"<p><img loading=\"lazy\" decoding=\"async\" class=\"wp-image-4096 size-full alignleft\" src=\"https:\/\/tempsetor.be\/galerie\/wp-content\/uploads\/2018\/11\/festina.png\" alt=\"logo Festina\" width=\"150\" height=\"92\" srcset=\"https:\/\/tempsetor.be\/galerie\/wp-content\/uploads\/2018\/11\/festina.png 150w, https:\/\/tempsetor.be\/galerie\/wp-content\/uploads\/2018\/11\/festina-50x31.png 50w, https:\/\/tempsetor.be\/galerie\/wp-content\/uploads\/2018\/11\/festina-122x75.png 122w\" sizes=\"auto, (max-width:767px) 150px, 150px\" \/><\/p>\n<p><strong>R\u00e9haussez votre allure avec Prestige<\/strong><\/p>\n<p>Collection devenue embl\u00e9matique de la marque et fi\u00e8rement port\u00e9e par notre ambassadeur, l\u2019acteur Gerard BUTLER, la ligne \u00e9volue au fil des ann\u00e9es suivant les derni\u00e8res tendances. Avec pour pilier central sa robustesse et sa durabilit\u00e9, elle se compose de chronographes exclusifs (d\u00e9clin\u00e9s \u00e9galement en version 3 aiguilles) caract\u00e9ris\u00e9s par un design \u00e9labor\u00e9 et des finitions qui sauront s\u00e9duire les hommes \u00e0 la recherche d\u2019une montre au rapport qualit\u00e9\/prix exceptionnel.<\/p>\n<p>Montre Festina F20363\/3 pour homme. Avec un bo\u00eetier acier et verre min\u00e9ral, \u00e9quip\u00e9 d\u2019un bracelet de acier inoxydable.<\/p>\n<p>Les montres Festina sont le m\u00e9lange parfait entre l\u2019\u00e9l\u00e9gance et la modernit\u00e9. Festina propose des designs distingu\u00e9s, une innovation technologique constante et un excellent rapport qualit\u00e9-prix.<\/p>\n<p>D\u00e9j\u00e0 garanties 2 ans, le service apr\u00e8s vente de la bijouterie <strong>Temps &amp; OR<\/strong> vous apporte une confiance suppl\u00e9mentaire pour ces produits. Selon vos besoins, ces montres peuvent \u00eatre \u00e9galement r\u00e9serv\u00e9es \u00e0 la bijouterie. La mise \u00e0 mesure offerte ainsi qu&#8217;un emballage cadeau vous y seront propos\u00e9s.<\/p>\n<p>Faites vos demandes particuli\u00e8res ou passez votre commande via ce formulaire :<br \/>\n<p class=\"wpcf7-contact-form-not-found\"><strong>Error:<\/strong> Contact form not found.<\/p><\/p>\n","protected":false},"featured_media":6464,"template":"","meta":{"_monsterinsights_skip_tracking":false,"_monsterinsights_sitenote_active":false,"_monsterinsights_sitenote_note":"","_monsterinsights_sitenote_category":0},"product_brand":[],"product_cat":[795,40,39],"product_tag":[],"class_list":{"0":"post-6463","1":"product","2":"type-product","3":"status-publish","4":"has-post-thumbnail","6":"product_cat-festina-hommes","7":"product_cat-montres-hommes","8":"product_cat-hommes","10":"first","11":"instock","12":"shipping-taxable","13":"purchasable","14":"product-type-simple"},"_links":{"self":[{"href":"https:\/\/tempsetor.be\/galerie\/wp-json\/wp\/v2\/product\/6463","targetHints":{"allow":["GET"]}}],"collection":[{"href":"https:\/\/tempsetor.be\/galerie\/wp-json\/wp\/v2\/product"}],"about":[{"href":"https:\/\/tempsetor.be\/galerie\/wp-json\/wp\/v2\/types\/product"}],"wp:featuredmedia":[{"embeddable":true,"href":"https:\/\/tempsetor.be\/galerie\/wp-json\/wp\/v2\/media\/6464"}],"wp:attachment":[{"href":"https:\/\/tempsetor.be\/galerie\/wp-json\/wp\/v2\/media?parent=6463"}],"wp:term":[{"taxonomy":"product_brand","embeddable":true,"href":"https:\/\/tempsetor.be\/galerie\/wp-json\/wp\/v2\/product_brand?post=6463"},{"taxonomy":"product_cat","embeddable":true,"href":"https:\/\/tempsetor.be\/galerie\/wp-json\/wp\/v2\/product_cat?post=6463"},{"taxonomy":"product_tag","embeddable":true,"href":"https:\/\/tempsetor.be\/galerie\/wp-json\/wp\/v2\/product_tag?post=6463"}],"curies":[{"name":"wp","href":"https:\/\/api.w.org\/{rel}","templated":true}]}}